
{"id":44,"date":"2023-08-08T12:20:55","date_gmt":"2023-08-08T12:20:55","guid":{"rendered":"https:\/\/www.cubasolidair.nl\/?page_id=44"},"modified":"2025-10-21T20:45:01","modified_gmt":"2025-10-21T20:45:01","slug":"over-ons","status":"publish","type":"page","link":"https:\/\/www.cubasolidair.nl\/","title":{"rendered":"Cubasolidair"},"content":{"rendered":"\n<h3 class=\"wp-block-heading\"><strong>Gezamelijk platform voor solidaire ondersteuning van Cuba<\/strong><\/h3>\n\n\n\n<figure class=\"wp-block-image size-full\"><img loading=\"lazy\" decoding=\"async\" width=\"679\" height=\"565\" src=\"https:\/\/www.cubasolidair.nl\/wp-content\/uploads\/cubasolidair\/2024\/07\/peoplepowersolidarity.jpg\" alt=\"\" class=\"wp-image-12491\" srcset=\"https:\/\/www.cubasolidair.nl\/wp-content\/uploads\/cubasolidair\/2024\/07\/peoplepowersolidarity.jpg 679w, https:\/\/www.cubasolidair.nl\/wp-content\/uploads\/cubasolidair\/2024\/07\/peoplepowersolidarity-300x250.jpg 300w\" sizes=\"auto, (max-width: 679px) 100vw, 679px\" \/><figcaption class=\"wp-element-caption\">International Solidarity will break the blockade &#8211; all that remains is dust<\/figcaption><\/figure>\n\n\n\n<p>Cuba heeft in de 60er jaren een eigen onafhankelijke weg gekozen. We willen deze zelfbestemde keuze respecteren en ondersteunen het land en volk in de moeilijke tijden waarin het gekomen is door deze keuze. <\/p>\n\n\n\n<p>De aard, gerichtheid en mate van ondersteuning is voor de onderlinge werkgroepen verschillend. Er waren bij de oprichting van dit gezamelijk platform geen overlappende werkgebieden. <\/p>\n\n\n\n<p>We delen de afkeuring van elke vorm van willekeurige bestraffing en evt sabotage tegen het land en zijn volk.<\/p>\n\n\n\n<hr class=\"wp-block-separator has-alpha-channel-opacity\"\/>\n\n\n\n<h3 class=\"wp-block-heading\"><strong>AGENDA   &#8211;  Oktober 2025<\/strong><\/h3>\n\n\n<div class=\"wp-block-image\">\n<figure class=\"alignright size-large is-resized\"><img loading=\"lazy\" decoding=\"async\" width=\"1024\" height=\"768\" src=\"https:\/\/www.cubasolidair.nl\/wp-content\/uploads\/cubasolidair\/2025\/10\/photo_2025-10-21_19-59-14-1-1024x768.jpg\" alt=\"\" class=\"wp-image-13177\" style=\"width:266px;height:auto\" srcset=\"https:\/\/www.cubasolidair.nl\/wp-content\/uploads\/cubasolidair\/2025\/10\/photo_2025-10-21_19-59-14-1-1024x768.jpg 1024w, https:\/\/www.cubasolidair.nl\/wp-content\/uploads\/cubasolidair\/2025\/10\/photo_2025-10-21_19-59-14-1-300x225.jpg 300w, https:\/\/www.cubasolidair.nl\/wp-content\/uploads\/cubasolidair\/2025\/10\/photo_2025-10-21_19-59-14-1-768x576.jpg 768w, https:\/\/www.cubasolidair.nl\/wp-content\/uploads\/cubasolidair\/2025\/10\/photo_2025-10-21_19-59-14-1.jpg 1280w\" sizes=\"auto, (max-width: 1024px) 100vw, 1024px\" \/><figcaption class=\"wp-element-caption\">Cubasolidair, October 2024 Amsterdam<\/figcaption><\/figure>\n<\/div>\n\n\n<h3 class=\"wp-block-heading\" id=\"block-14e9a235-2090-4b8c-8236-fb88630bb95c\"><strong>Solidair met Cuba &#8211; zaterdag 25 oktober 14 &#8211; 17u, Dam Amsterdam<\/strong><\/h3>\n\n\n\n<h3 class=\"wp-block-heading\" id=\"block-b868fbb0-16f9-4482-ab57-01080bda3cdc\">Publieksinformatie over de illegale sancties tegen Cuba, in de context van de jaarlijkse VN-stemming ertegen<\/h3>\n\n\n\n<p id=\"block-b42ff375-3ac8-4066-b470-ddfe29989d4c\">De sancties, sabotage en hybride aanvallen tegen ongebonden staten als Cuba, Niaragua en Venezuela nemen almaar toe. Het zijn misdaden die ziekelijk fanatiek gepland en uitgevoerd worden.<\/p>\n\n\n\n<p id=\"block-b42ff375-3ac8-4066-b470-ddfe29989d4c\"><a href=\"#es\"><strong>( <\/strong><\/a><mark style=\"background-color:rgba(0, 0, 0, 0)\" class=\"has-inline-color has-red-color\"><strong><a href=\"#es\">Espa\u00f1ol<\/a><\/strong><\/mark> <mark style=\"background-color:rgba(0, 0, 0, 0)\" class=\"has-inline-color has-red-color\"><strong><a href=\"#es\">debajo<\/a> \/ <a href=\"#en\">English below<\/a><\/strong>) <\/mark>)<\/p>\n\n\n\n<p><a href=\"https:\/\/www.cubasolidair.nl\/?p=13163\">Lees verder<\/a><\/p>\n\n\n\n<h3 class=\"wp-block-heading\" id=\"es\"><strong>Solidaridad con Cuba &#8211; s\u00e1bado 25 de octubre, de 14 a 17 h, Dam \u00c1msterdam<\/strong><\/h3>\n\n\n\n<p>Informaci\u00f3n p\u00fablica sobre las sanciones ilegales contra Cuba, en el contexto de la votaci\u00f3n anual de la ONU en contra de las mismas.<\/p>\n\n\n\n<p>Las sanciones, el sabotaje y los ataques h\u00edbridos contra Estados no alineados como Cuba, Nicaragua y Venezuela no dejan de aumentar. Se trata de cr\u00edmenes planeados y ejecutados con un fanatismo enfermizo.<\/p>\n\n\n\n<p><a href=\"https:\/\/www.cubasolidair.nl\/?p=13163#es\">Lees verder<\/a><\/p>\n\n\n\n<h3 class=\"wp-block-heading\" id=\"en\"><strong>Solidar with Cuba &#8211; Saturday, October 25, 2-5 p.m., Dam Amsterdam<\/strong><\/h3>\n\n\n\n<p>Public information about the illegal sanctions against Cuba, in the context of the annual UN vote against them<\/p>\n\n\n\n<p>The sanctions, sabotage, and hybrid attacks against independent states such as Cuba, Nicaragua, and Venezuela are constantly increasing. These are crimes that are planned and carried out with sickening fanaticism.<\/p>\n\n\n\n<p><a href=\"https:\/\/www.cubasolidair.nl\/?p=13163#en\">Lees verder<\/a><\/p>\n\n\n\n<!--more-->\n\n\n\n<p id=\"block-b42ff375-3ac8-4066-b470-ddfe29989d4c\"><strong>*** juni 2025 ***<\/strong><\/p>\n\n\n\n<h3 class=\"wp-block-heading\">97ste geboortedag van Che Guevara<\/h3>\n\n\n\n<p><strong>Toespraak van de Cubaanse ambassadeur Eva Yelina Silva Walker ter gelegenheid van de 97ste geboortedag van Ernesto Che Guevara<\/strong><\/p>\n\n\n\n<p>Beste vrienden en kameraden,<\/p>\n\n\n\n<p>We zijn hier vandaag bijeen met onze plicht om onze helden te eren, om hulde te brengen aan hen die eer verdienen, zoals de apostel ons heeft geleerd. 14 juni markeert een historisch toeval: op dezelfde dag, maar in verschillende jaren, werden twee grote patriotten geboren, Maceo en Che, voorbeelden van opoffering, moed en onbaatzuchtigheid.<\/p>\n\n\n\n<p><a href=\"https:\/\/www.cubasolidair.nl\/?p=12886\"><strong>lees verder<\/strong><\/a><\/p>\n\n\n\n<h3 class=\"wp-block-heading\">97th anniversary of Che Guevara&#8217;s birth<\/h3>\n\n\n\n<p><strong>Speech by Cuban Ambassador Eva Yelina Silva Walker on the occasion of the 97th anniversary of Ernesto Che Guevara&#8217;s birth<\/strong><\/p>\n\n\n\n<p>Dear friends and comrades,<br>We are gathered here today by the sacred duty to honor our heroes, to pay tribute to those who deserve honor, as the Apostle taught us. June 14 marks a historic coincidence: on the same day, but in different years, two great patriots were born, Maceo and Che, examples of sacrifice, courage, and selflessness.<\/p>\n\n\n\n<p><a href=\"https:\/\/www.cubasolidair.nl\/?p=12886#che_en\"><strong>Read more<\/strong><\/a><\/p>\n\n\n\n<p>*<strong>** maart 2025 **<\/strong>*<\/p>\n\n\n\n<h3 class=\"wp-block-heading\"><strong>The African Union reiterates its condemnation of the U.S. blockade against Cuba at its 38th Summit<\/strong><\/h3>\n\n\n\n<p>In the framework of its 38th Summit of Heads of State and Government, the African Union (AU) approved, for the sixteenth consecutive time, a resolution condemning the economic, commercial and financial blockade imposed by the Government of the United States against Cuba.<\/p>\n\n\n\n<p>The adopted document reaffirms the historic position of the African continent in support of the sovereignty of the island and demands an immediate end to a policy that has caused incalculable damage to the Cuban people. The resolution also calls for Cuba&#8217;s removal from the unilateral list of state sponsors of terrorism, a baselessly imposed designation that aggravates the Caribbean nation&#8217;s economic difficulties. [&#8230;&#8230;.]<\/p>\n\n\n\n<p><strong>Read the<a href=\"https:\/\/www.cubasolidair.nl\/?p=12595\"> full document here<\/a><\/strong><\/p>\n\n\n\n<p><strong>*** januari 2025 ***<\/strong><\/p>\n\n\n\n<h3 class=\"wp-block-heading\"><strong>Ondanks de imperialistische aanval zal Cuba zegevieren<\/strong><\/h3>\n\n\n\n<p id=\"block-09297219-4755-4e65-a15a-39015eb4c74a\">Bron: Cubaminrex, Havana, 21 januari 2025<br><a href=\"http:\/\/www.cubadebate.cu\/noticias\/2025\/01\/21\/declaracion-del-gobierno-revolucionario-frente-a-la-arremetida-imperialista-cuba-vencera\/\">cubadebate.cu 21 januari 2025<\/a> ~~~<\/p>\n\n\n\n<h3 class=\"wp-block-heading\" id=\"block-c4daeab1-12f6-4569-8b59-c8209336773b\"><strong>Verklaring van de Revolutionaire Regering<\/strong><\/h3>\n\n\n\n<p id=\"block-849cb2c2-7d47-468b-be1f-60380c0937aa\">Ook in de talen: <a href=\"http:\/\/www.cubadebate.cu\/noticias\/2025\/01\/21\/declaracion-del-gobierno-revolucionario-frente-a-la-arremetida-imperialista-cuba-vencera\/\">Espagnol<\/a> (original), <a href=\"https:\/\/www.cubasolidair.nl\/?p=12580\">English<\/a>, <a href=\"https:\/\/www.cubasolidair.nl\/?p=12582\">Francois<\/a>, German<\/p>\n\n\n\n<p>De Amerikaanse president Donald Trump haalt vanaf de eerste dag en zonder enig excuus uit naar Cuba. Het besluit om de harde maatregelen van economische oorlogsvoering tegen Cuba, die zijn voorganger slechts enkele dagen eerder had afgeschaft, opnieuw in te voeren, is een demonstratie van de agressiviteit van het Amerikaanse imperialisme tegen de soevereiniteit, de vrede en het welzijn van de Cubaanse bevolking. Onder hen is de opname van ons land, eens te meer, in de willekeurige lijst van staten die zogenaamd terrorisme sponsoren, een vermelding die blijk geeft van een absolute minachting voor de waarheid. [&#8230;..] <\/p>\n\n\n\n<p><strong>Lees verder: <a href=\"https:\/\/www.cubasolidair.nl\/?p=12576\">Nederlands (Vertaling)<\/a>, <a href=\"http:\/\/www.cubadebate.cu\/noticias\/2025\/01\/21\/declaracion-del-gobierno-revolucionario-frente-a-la-arremetida-imperialista-cuba-vencera\/\">Espagnol<\/a> (original), <a href=\"https:\/\/www.cubasolidair.nl\/?p=12580\">English<\/a>, <a href=\"https:\/\/www.cubasolidair.nl\/?p=12582\">Francois<\/a>)<\/strong><\/p>\n\n\n\n<hr class=\"wp-block-separator has-alpha-channel-opacity\"\/>\n\n\n\n<p><strong>*** januari 2025 ***<\/strong><\/p>\n\n\n\n<h3 class=\"wp-block-heading\"><strong>Verklaring van het ministerie van Buitenlandse Zaken van Cuba<\/strong><\/h3>\n\n\n\n<p>Bron: Cubaminrex, Havana, 15 januari 2025<\/p>\n\n\n\n<p><strong>De Verenigde Staten zetten stappen in de goede richting, maar de blokkade blijft van kracht.<\/strong><\/p>\n\n\n\n<pre class=\"wp-block-preformatted\"><a href=\"#es\">Espagnol: (al final de este texto<\/a>)<br><a href=\"#english\">English: (at the bottom of this text<\/a>)<\/pre>\n\n\n\n<p>Op 14 januari 2025 kondigde de regering van de Verenigde Staten de volgende besluiten aan:<\/p>\n\n\n\n<ol class=\"wp-block-list\">\n<li>Cuba verwijderen van de lijst van het State Department van landen die terrorisme zouden sponsoren;<\/li>\n\n\n\n<li>Gebruik maken van de presidenti\u00eble bevoegdheid om te voorkomen dat Amerikaanse rechtbanken actie ondernemen met betrekking tot rechtszaken die mogelijk worden aangespannen op grond van Titel III van de Helms-Burton Act; en<\/li>\n\n\n\n<li>Het schrappen van de lijst van aan restricties onderhevige Cubaanse entiteiten waarop een groep instellingen staat waarmee Amerikaanse burgers en instellingen geen financi\u00eble transacties mogen uitvoeren, met gevolgen voor derde landen.<\/li>\n<\/ol>\n\n\n\n<p>Ondanks de beperkte reikwijdte, is dit een beslissing die in de goede richting wijst en in lijn is met de aanhoudende en krachtige eis van de regering en de bevolking van Cuba, evenals de brede, nadrukkelijke en herhaalde oproep van talrijke regeringen, met name die van Latijns-Amerika en het Caribisch gebied; Cubanen die in het buitenland verblijven; politieke, religieuze en sociale organisaties en talrijke politici uit de Verenigde Staten en andere landen. De regering van Cuba is hen allen dankbaar voor hun bijdrage en gevoeligheid.<br>[&#8230;&#8230;] <\/p>\n\n\n\n<p><a href=\"https:\/\/www.cubasolidair.nl\/?page_id=12566\">Lees verder<\/a><\/p>\n\n\n\n<hr class=\"wp-block-separator has-alpha-channel-opacity\"\/>\n\n\n\n<hr class=\"wp-block-separator has-alpha-channel-opacity\"\/>\n\n\n\n<p><strong>*** januari 2025 ***<\/strong><\/p>\n\n\n\n<h3 class=\"wp-block-heading\" id=\"es\"><strong>Declaraci\u00f3n del Ministerio de Relaciones Exteriores de Cuba<\/strong><\/h3>\n\n\n\n<p><strong>Adopta Estados Unidos medidas en la direcci\u00f3n correcta, pero el bloqueo permanece.&nbsp;<\/strong><\/p>\n\n\n\n<p>El 14 de enero de 2025, el gobierno de Estados Unidos anunci\u00f3 la decisi\u00f3n de:<\/p>\n\n\n\n<ul class=\"wp-block-list\">\n<li>1) excluir a Cuba de la lista del Departamento de Estado de pa\u00edses que supuestamente patrocinan el terrorismo;<\/li>\n\n\n\n<li>2) hacer uso de la prerrogativa presidencial para impedir que se pueda tomar acci\u00f3n en tribunales estadounidenses ante demandas judiciales presentadas al amparo del T\u00edtulo III de la ley Helms-Burton; y<\/li>\n\n\n\n<li>3) eliminar la lista de entidades cubanas restringidas que designa a un grupo de instituciones con las cuales se proh\u00edbe a ciudadanos e instituciones estadounidenses realizar transacciones financieras, lo que ha tenido efecto en terceros pa\u00edses.<\/li>\n<\/ul>\n\n\n\n<p>A pesar de su car\u00e1cter limitado, se trata de una decisi\u00f3n en la direcci\u00f3n correcta y en l\u00ednea con el sostenido y firme reclamo del gobierno y el pueblo de Cuba, y con el llamado amplio, enf\u00e1tico y reiterado de numerosos gobiernos, en especial de Am\u00e9rica Latina y el Caribe, de cubanos residentes en el exterior, de organizaciones pol\u00edticas, religiosas y sociales, y de numerosas figuras pol\u00edticas de Estados Unidos y de otros pa\u00edses. El gobierno de Cuba agradece a todos por su contribuci\u00f3n y sensibilidad. [&#8230;..] <\/p>\n\n\n\n<p><a href=\"https:\/\/www.cubasolidair.nl\/?page_id=12566\">leer m\u00e1s<\/a><\/p>\n\n\n\n<hr class=\"wp-block-separator has-alpha-channel-opacity\"\/>\n\n\n\n<hr class=\"wp-block-separator has-alpha-channel-opacity\"\/>\n\n\n\n<p><strong>*** januari 2025 ***<\/strong>    <strong>English Translation<\/strong><\/p>\n\n\n\n<h3 class=\"wp-block-heading\" id=\"english\"><strong>Declaration of the Ministry of Foreign Affairs of Cuba<\/strong><\/h3>\n\n\n\n<p><strong>The United States takes steps in the right direction, but the blockade remains in force.<\/strong><\/p>\n\n\n\n<p>On January 14, 2025, the government of the United States announced the following decisions:<\/p>\n\n\n\n<ol class=\"wp-block-list\">\n<li>Remove Cuba from the State Department list of countries that allegedly sponsor terrorism;<\/li>\n\n\n\n<li>Make use of the presidential faculty to prevent US courts from taking action with regards to lawsuits that might be filed by virtue of Title III of the Helms-Burton Act; and<\/li>\n\n\n\n<li>Eliminate the list of restricted Cuban entities that designates a group of institutions which US citizens and institutions are not allowed to make financial transactions with, which has had an impact on third countries.<\/li>\n<\/ol>\n\n\n\n<p>Despite its limited scope, this is a decision that points to the right direction and is in line with the sustained and firm demand by the government and the people of Cuba, as well as the broad, emphatic and reiterated call by numerous governments, particularly those of Latin America and the Caribbean; Cubans residing abroad; political, religious and social organizations and numerous political figures of the United States and other countries. The government of Cuba expresses its gratitude to all of them for their contribution and sensitivity. [&#8230;..] <\/p>\n\n\n\n<p><a href=\"https:\/\/www.cubasolidair.nl\/?page_id=12566\">Read more<\/a> (full declaration)<\/p>\n\n\n\n<hr class=\"wp-block-separator has-alpha-channel-opacity\"\/>\n\n\n\n<p><strong>*** December 2024 ***<\/strong><\/p>\n\n\n\n<h3 class=\"wp-block-heading\">Mars tegen de blokkade in Cuba<\/h3>\n\n\n\n<p>Op 20 december 2024, tijdens een mars langs Havana&#8217;s Malec\u00f3n, verhieven Cubanen hun stem tegen de onrechtvaardige Amerikaanse blokkade van Cuba en de plaatsing van Cuba op de valse en eenzijdige lijst van landen die terrorisme sponsoren, waardoor Cubanen ernstige schade hebben geleden.<\/p>\n\n\n\n<p>In de eerste rij, samen met het volk, stonden de legergeneraal Ra\u00fal Castro Ruz, de president van de Republiek Cuba, Miguel D\u00edaz-Canel Berm\u00fadez, en andere leden van het presidentschap van het land.<\/p>\n\n\n\n<p>Er was een grote opkomst van de bevolking van de hoofdstad, die heel Cuba vertegenwoordigde, om het recht en respect voor een soeverein Cuba op te eisen en om te protesteren tegen de obstakels die de blokkade oplegt aan het sociale en economische leven van het land in een wereld die steeds meer met elkaar verbonden is.<\/p>\n\n\n\n<p>De Cubaanse president bevestigde dat &#8220;Cuba, zijn volk en regering vechten om de blokkade te doorbreken. De intentie van de Verenigde Staten om de waardigheid van dit volk te kwetsen, werd afgewezen met deze strijdlustige mars om de eer van ons land te verdedigen.&#8221;<\/p>\n\n\n\n<p>Slogans als \u201cweg met de blokkade\u201d, \u201cwe zijn geen terroristen, haal ons van de lijst\u201d, \u201cweg met de blokkade\u201d, werden geroepen.<\/p>\n\n\n\n<p>Onze strijd gaat door en we kunnen niet rusten in deze strijd totdat dit onrecht tegen Cuba is opgeheven.<\/p>\n\n\n\n<figure class=\"wp-block-gallery has-nested-images columns-default is-cropped wp-block-gallery-1 is-layout-flex wp-block-gallery-is-layout-flex\">\n<figure class=\"wp-block-image size-large\"><img loading=\"lazy\" decoding=\"async\" width=\"580\" height=\"387\" data-id=\"12556\" src=\"https:\/\/www.cubasolidair.nl\/wp-content\/uploads\/cubasolidair\/2025\/01\/Marcha-del-pueblo-8-1-580x387-1.jpg\" alt=\"\" class=\"wp-image-12556\" srcset=\"https:\/\/www.cubasolidair.nl\/wp-content\/uploads\/cubasolidair\/2025\/01\/Marcha-del-pueblo-8-1-580x387-1.jpg 580w, https:\/\/www.cubasolidair.nl\/wp-content\/uploads\/cubasolidair\/2025\/01\/Marcha-del-pueblo-8-1-580x387-1-300x200.jpg 300w\" sizes=\"auto, (max-width: 580px) 100vw, 580px\" \/><\/figure>\n\n\n\n<figure class=\"wp-block-image size-large\"><img loading=\"lazy\" decoding=\"async\" width=\"1024\" height=\"768\" data-id=\"12559\" src=\"https:\/\/www.cubasolidair.nl\/wp-content\/uploads\/cubasolidair\/2025\/01\/marcha-del-pueblo-6-1024x768.jpg\" alt=\"\" class=\"wp-image-12559\" srcset=\"https:\/\/www.cubasolidair.nl\/wp-content\/uploads\/cubasolidair\/2025\/01\/marcha-del-pueblo-6-1024x768.jpg 1024w, https:\/\/www.cubasolidair.nl\/wp-content\/uploads\/cubasolidair\/2025\/01\/marcha-del-pueblo-6-300x225.jpg 300w, https:\/\/www.cubasolidair.nl\/wp-content\/uploads\/cubasolidair\/2025\/01\/marcha-del-pueblo-6-768x576.jpg 768w, https:\/\/www.cubasolidair.nl\/wp-content\/uploads\/cubasolidair\/2025\/01\/marcha-del-pueblo-6.jpg 1280w\" sizes=\"auto, (max-width: 1024px) 100vw, 1024px\" \/><\/figure>\n\n\n\n<figure class=\"wp-block-image size-large\"><img loading=\"lazy\" decoding=\"async\" width=\"580\" height=\"387\" data-id=\"12557\" src=\"https:\/\/www.cubasolidair.nl\/wp-content\/uploads\/cubasolidair\/2025\/01\/Marcha-580x387-1.jpg\" alt=\"\" class=\"wp-image-12557\" srcset=\"https:\/\/www.cubasolidair.nl\/wp-content\/uploads\/cubasolidair\/2025\/01\/Marcha-580x387-1.jpg 580w, https:\/\/www.cubasolidair.nl\/wp-content\/uploads\/cubasolidair\/2025\/01\/Marcha-580x387-1-300x200.jpg 300w\" sizes=\"auto, (max-width: 580px) 100vw, 580px\" \/><\/figure>\n\n\n\n<figure class=\"wp-block-image size-large\"><img loading=\"lazy\" decoding=\"async\" width=\"1024\" height=\"683\" data-id=\"12558\" src=\"https:\/\/www.cubasolidair.nl\/wp-content\/uploads\/cubasolidair\/2025\/01\/a40332f5-7065-4009-a4c1-88fc938d01c7-1024x683.jpg\" alt=\"\" class=\"wp-image-12558\" srcset=\"https:\/\/www.cubasolidair.nl\/wp-content\/uploads\/cubasolidair\/2025\/01\/a40332f5-7065-4009-a4c1-88fc938d01c7-1024x683.jpg 1024w, https:\/\/www.cubasolidair.nl\/wp-content\/uploads\/cubasolidair\/2025\/01\/a40332f5-7065-4009-a4c1-88fc938d01c7-300x200.jpg 300w, https:\/\/www.cubasolidair.nl\/wp-content\/uploads\/cubasolidair\/2025\/01\/a40332f5-7065-4009-a4c1-88fc938d01c7-768x512.jpg 768w, https:\/\/www.cubasolidair.nl\/wp-content\/uploads\/cubasolidair\/2025\/01\/a40332f5-7065-4009-a4c1-88fc938d01c7.jpg 1080w\" sizes=\"auto, (max-width: 1024px) 100vw, 1024px\" \/><\/figure>\n\n\n\n<figure class=\"wp-block-image size-large\"><img loading=\"lazy\" decoding=\"async\" width=\"580\" height=\"390\" data-id=\"12562\" src=\"https:\/\/www.cubasolidair.nl\/wp-content\/uploads\/cubasolidair\/2025\/01\/Marcha-del-pueblo-580x390-1.jpg\" alt=\"\" class=\"wp-image-12562\" srcset=\"https:\/\/www.cubasolidair.nl\/wp-content\/uploads\/cubasolidair\/2025\/01\/Marcha-del-pueblo-580x390-1.jpg 580w, https:\/\/www.cubasolidair.nl\/wp-content\/uploads\/cubasolidair\/2025\/01\/Marcha-del-pueblo-580x390-1-300x202.jpg 300w\" sizes=\"auto, (max-width: 580px) 100vw, 580px\" \/><\/figure>\n<\/figure>\n\n\n\n<p>***<\/p>\n\n\n\n<p><strong>El pasado 20 de diciembre<\/strong>, en una marcha que se extendi\u00f3 por el Malec\u00f3n habanero, los cubanos alzaron sus voces para denunciar el injusto bloqueo de los Estados Unidos contra Cuba y la inclusi\u00f3n de Cuba en la espuria y unilateral lista de pa\u00edses patrocinadores del terrorismo, las cuales han provocado serias afectaciones a los cubanos.<\/p>\n\n\n\n<p>En la primera l\u00ednea, junto al pueblo, estuvieron el <strong>General de Ej\u00e9rcito Ra\u00fal Castro Ruz,<\/strong>el presidente de la Rep\u00fablica de Cuba, Miguel D\u00edaz-Canel Berm\u00fadez y otros miembros de la presidencia del pa\u00eds.<\/p>\n\n\n\n<p>Hubo una amplia asistencia del pueblo capitalino, en representaci\u00f3n de toda Cuba, en reclamo del derecho y respeto a una Cuba soberana y en protesta a los obst\u00e1culos que impone el bloqueo a la vida social y econ\u00f3mica del pa\u00eds en medio de un mundo cada vez m\u00e1s interconectado.<\/p>\n\n\n\n<p>El Presidente cubano ratific\u00f3 que <em>\u201cCuba, su pueblo y gobierno luchan por abrirse paso. La pretensi\u00f3n de Estados Unidos de lacerar la dignidad de este pueblo qued\u00f3 desecha con esta marcha combatiente para defender el honor de nuestra patria\u201d.<\/em><\/p>\n\n\n\n<p>Consignas como \u201ctumba el bloqueo\u201d, \u201cno somos terroristas, s\u00e1came de la lista\u201d, \u201cabajo el bloqueo\u201d, fueron aclamadas.<\/p>\n\n\n\n<p>Nuestra lucha contin\u00faa y no podemos descansar en esta batalla hasta que esta injusticia contra Cuba sea eliminada.<\/p>\n\n\n\n<h3 class=\"wp-block-heading\">Cuban march against the blockade<\/h3>\n\n\n\n<p><strong>On December 20<\/strong>, in a march along Havana&#8217;s Malec\u00f3n, Cubans raised their voices to denounce the unjust US blockade on Cuba and the unfair and spurious inclusion of Cuba in the unilateral list of countries sponsoring terrorism, which have caused very serious harm to Cubans.<\/p>\n\n\n\n<p>In the first line, along with the people, were the Army General Ra\u00fal Castro Ruz, the president of the Republic of Cuba, Miguel D\u00edaz-Canel Berm\u00fadez, and other members of the country&#8217;s presidency.<\/p>\n\n\n\n<p>There was a broad attendance of people from the capital, representing Cubans, in demand of their right and respect for a sovereign Cuba and in protest against the obstacles imposed by the blockade on the social and economic life of the country in the midst of an increasingly interconnected world.<\/p>\n\n\n\n<p>The Cuban President confirmed that \u201cCuba, its people and government are fighting to make their way. The intention of the United States to lacerate the dignity of this people was rejected with this combative march to defend the honor of our country.\u201d<\/p>\n\n\n\n<p>Slogans such as \u201cdown with the blockade,\u201d \u201cwe are not terrorists, get me off the list,\u201d \u201cdown with the blockade,\u201d were acclaimed.<\/p>\n\n\n\n<p>Our fight continues and we cannot rest in this battle until this injustice against Cuba is eliminated.<\/p>\n\n\n\n<hr class=\"wp-block-separator has-alpha-channel-opacity\"\/>\n\n\n\n<p><strong>*** September 2024 ***<\/strong><\/p>\n\n\n\n<h3 class=\"wp-block-heading\">Brief aan President Biden<\/h3>\n\n\n\n<p>Professor, schrijver, journalist Ignazio Ramonet schreef een<strong> <a href=\"https:\/\/www.radiohc.cu\/en\/noticias\/nacionales\/364541-ignacio-ramonet-sends-open-letter-to-us-president-joe-biden\">open brief aan President Biden,<\/a> <\/strong>waarin hij er op aandringt om Cuba van de valse<em> lijst van terrorisme-sponserende naties<\/em> (SSOT-list) te verwijderen. <br>Het is een sterke oproep op een goed moment: Over enkele maanden loopt de regeerperiode van Biden af. Nu of nooit is er een kans om zich te onderscheiden van zijn voorganger (en mogelijk opvolger) die kort voor zijn aftreden, bruut en zonder geldige reden Cuba op deze lijst plaatste.<\/p>\n\n\n\n<p class=\"has-text-align-center\"><mark style=\"background-color:rgba(0, 0, 0, 0);color:#f60606\" class=\"has-inline-color\"><strong>Aan alle organisaties en personen: <\/strong><br>Onderteken svp deze open brief, door je naam, <\/mark><br><mark style=\"background-color:rgba(0, 0, 0, 0);color:#f60606\" class=\"has-inline-color\">organisatie en functie(s) in een emailbericht te zenden naar<br> <em>casadelasamericas2024@gmail.com<\/em><\/mark><\/p>\n\n\n\n<p><a href=\"https:\/\/www.cubasolidair.nl\/?p=12505\">Een vertaalde versie van deze brief kunt u hier lezen<\/a>.<\/p>\n\n\n\n<hr class=\"wp-block-separator has-alpha-channel-opacity\"\/>\n\n\n\n<h3 class=\"wp-block-heading\">September Campaign<\/h3>\n\n\n\n<p>Professor, writer, journalist Ignazio Ramonet wrote an open letter to President Biden, urging him to remove Cuba from the dishonest list of terrorism-sponsoring nations (SSOT list).<br>It is a strong call at a good time: In a few months, Biden&#8217;s reign will end. Now or never there is a chance to distinguish himself from his predecessor (and possible successor) who shortly before stepping down, brutally and for no valid reason placed Cuba on this list.<\/p>\n\n\n\n<p class=\"has-text-align-center\"><mark style=\"background-color:rgba(0, 0, 0, 0);color:#f10a0a\" class=\"has-inline-color\"><strong>To all organizations and individuals<\/strong>:<br>Please sign this open letter by sending your name, organization function(s) in  an message to  <em>casadelasamericas2024@gmail.com<\/em><\/mark><\/p>\n","protected":false},"excerpt":{"rendered":"<p>Gezamelijk platform voor solidaire ondersteuning van Cuba Cuba heeft in de 60er jaren een eigen onafhankelijke weg gekozen. We willen deze zelfbestemde keuze respecteren en ondersteunen het land en volk in de moeilijke tijden waarin het gekomen is door deze keuze. De aard, gerichtheid en mate van ondersteuning is voor de onderlinge werkgroepen verschillend. Er&hellip; <a class=\"more-link\" href=\"https:\/\/www.cubasolidair.nl\/\">Continue reading <span class=\"screen-reader-text\">Cubasolidair<\/span><\/a><\/p>\n","protected":false},"author":1,"featured_media":0,"parent":0,"menu_order":0,"comment_status":"closed","ping_status":"closed","template":"","meta":{"footnotes":""},"class_list":["post-44","page","type-page","status-publish","hentry","entry"],"_links":{"self":[{"href":"https:\/\/www.cubasolidair.nl\/index.php?rest_route=\/wp\/v2\/pages\/44","targetHints":{"allow":["GET"]}}],"collection":[{"href":"https:\/\/www.cubasolidair.nl\/index.php?rest_route=\/wp\/v2\/pages"}],"about":[{"href":"https:\/\/www.cubasolidair.nl\/index.php?rest_route=\/wp\/v2\/types\/page"}],"author":[{"embeddable":true,"href":"https:\/\/www.cubasolidair.nl\/index.php?rest_route=\/wp\/v2\/users\/1"}],"replies":[{"embeddable":true,"href":"https:\/\/www.cubasolidair.nl\/index.php?rest_route=%2Fwp%2Fv2%2Fcomments&post=44"}],"version-history":[{"count":42,"href":"https:\/\/www.cubasolidair.nl\/index.php?rest_route=\/wp\/v2\/pages\/44\/revisions"}],"predecessor-version":[{"id":13186,"href":"https:\/\/www.cubasolidair.nl\/index.php?rest_route=\/wp\/v2\/pages\/44\/revisions\/13186"}],"wp:attachment":[{"href":"https:\/\/www.cubasolidair.nl\/index.php?rest_route=%2Fwp%2Fv2%2Fmedia&parent=44"}],"curies":[{"name":"wp","href":"https:\/\/api.w.org\/{rel}","templated":true}]}}